{"id":5202,"date":"2020-11-16T12:01:30","date_gmt":"2020-11-16T12:01:30","guid":{"rendered":"https:\/\/sgsolutionsrl.it\/?page_id=5202"},"modified":"2024-04-16T10:21:05","modified_gmt":"2024-04-16T09:21:05","slug":"privacy-policy-2","status":"publish","type":"page","link":"https:\/\/falatech.it\/en\/privacy-policy-2\/","title":{"rendered":"Privacy Policy"},"content":{"rendered":"<div data-elementor-type=\"wp-page\" data-elementor-id=\"5202\" class=\"elementor elementor-5202\" data-elementor-post-type=\"page\">\n\t\t\t\t\t\t<section class=\"elementor-section elementor-top-section elementor-element elementor-element-4c0d2c7a elementor-section-boxed elementor-section-height-default elementor-section-height-default\" data-id=\"4c0d2c7a\" data-element_type=\"section\">\n\t\t\t\t\t\t<div class=\"elementor-container elementor-column-gap-default\">\n\t\t\t\t\t<div class=\"elementor-column elementor-col-100 elementor-top-column elementor-element elementor-element-341f988c\" data-id=\"341f988c\" data-element_type=\"column\">\n\t\t\t<div class=\"elementor-widget-wrap elementor-element-populated\">\n\t\t\t\t\t\t<div class=\"elementor-element elementor-element-18e909f4 elementor-widget elementor-widget-text-editor\" data-id=\"18e909f4\" data-element_type=\"widget\" data-widget_type=\"text-editor.default\">\n\t\t\t\t<div class=\"elementor-widget-container\">\n\t\t\t\t\t\t\t<div>\n<p lang=\"it-IT\" align=\"JUSTIFY\"><span style=\"font-size: x-large;\"><b>Informativa ai sensi dell&#8217;Art. 13 del Regolamento (UE) 2016\/679 &#8211; WEB<\/b><\/span><\/p>\n<p align=\"RIGHT\"><span style=\"font-family: Times New Roman, serif;\"><span style=\"font-size: medium;\"><span style=\"font-size: small;\"><i>versione<\/i><\/span><i> <\/i><span style=\"font-size: small;\"><i>n.0<\/i><\/span><i> <\/i><span style=\"font-size: small;\"><i>del<\/i><\/span><i> <\/i><span style=\"font-size: small;\"><i>07-01-2022<\/i><\/span><\/span><\/span><\/p>\n<p lang=\"it-IT\" align=\"JUSTIFY\">Con il presente documento (\u201cInformativa\u201d) il Titolare del trattamento, come di seguito de\ufb01nito, desidera informarla sulle \ufb01nalit\u00e0 e le modalit\u00e0 del trattamento dei Suoi dati personali e sui diritti che Le sono riconosciuti dal Regolamento (UE) 2016\/679 relativo alla protezione delle persone \ufb01siche, con riguardo al trattamento dei dati personali nonch\u00e9 alla loro libera circolazione (\u201cGDPR\u201d). La presente Informativa potr\u00e0 essere integrata dal Titolare ove eventuali servizi aggiuntivi da Lei richiesti dovessero comportare ulteriori trattamenti.<\/p>\n<h1 lang=\"it-IT\">TITOLARE DEL TRATTAMENTO<\/h1>\n<p lang=\"it-IT\"><i>Falatech Srl&nbsp; <\/i>con sede in Via Cesare Battisti, 48 &#8211; 20061 Carugate (MI) , Italia Telefono: <a data-dtype=\"d3ph\" data-local-attribute=\"d3ph\" jscontroller=\"LWZElb\" href=\"https:\/\/www.google.com\/search?q=falatech&amp;oq=falatech&amp;gs_lcrp=EgZjaHJvbWUqDAgAECMYJxiABBiKBTIMCAAQIxgnGIAEGIoFMgYIARBFGDwyBggCEEUYPDIGCAMQRRg8MhIIBBAuGBMYrwEYxwEYgAQYjgUyBggFEEUYOzIGCAYQRRg8MgYIBxBFGEHSAQgyMzA1ajBqN6gCALACAA&amp;sourceid=chrome&amp;ie=UTF-8#\" jsdata=\"QKGTRc;_;A6lmRg\" jsaction=\"rcuQ6b:npT2md;F75qrd\" data-ved=\"2ahUKEwjj0ev9s8aFAxVO1gIHHT4QBd0QkAgoAHoECEYQAw\" style=\"font-style: normal; font-weight: 400; color: rgb(26, 13, 171); text-decoration-line: underline; -webkit-tap-highlight-color: rgba(0, 0, 0, 0.1); font-family: arial, sans-serif; font-size: 14px; background-color: rgb(255, 255, 255);\"><span aria-label=\"Chiama il numero di telefono 02 8088 7897\">02 8088 7897<\/span><\/a><span style=\"font-size: 16px;\">Email: <\/span><a href=\"mailto:info@sgsolutionsrl.it\" style=\"font-size: 16px;\">info@f<\/a>alatech.it<span style=\"font-size: 16px;\"> P.IVA \/ CF: 13227600965<\/span><\/p>\n<h1 lang=\"it-IT\">RESPONSABILE PROTEZIONE DEI DATI \/ DPO<\/h1>\n<p lang=\"it-IT\">Indirizzo email: <a href=\"mailto:info@sgsolutionsrl.it\">info@<\/a>falatech.it<\/p>\n<p lang=\"it-IT\">Le attivit\u00e0 di trattamento svolte sono \ufb01nalizzate all&#8217;acquisizione dei seguenti dati personali:<\/p>\n<p lang=\"it-IT\">Cookie: Cookie di Pro\ufb01lazione.<\/p>\n<p lang=\"it-IT\">Dati comportamentali: Log di navigazione. Dati comuni: Dati anagra\ufb01ci.<\/p>\n<p lang=\"it-IT\">Bancari.<\/p>\n<p lang=\"it-IT\">Il trattamento dei dati personali \u00e8 necessario per l&#8217;acquisizione di informazioni necessarie alla conclusione ed esecuzione del contratto stipulato con il Titolare del Trattamento.<\/p>\n<p lang=\"it-IT\">Esecuzione Contratto &#8211; Art. 6, c.1, let. b. GDPR<\/p>\n<p lang=\"it-IT\">Esecuzione e gestione del contratto stipulato con il Titolare del Trattamento. Acquisizione di informazioni preliminari alla conclusione dei contratti.<\/p>\n<p lang=\"it-IT\">Comunicazioni trasmesse e\/o ricevute ai\/dai clienti connesse all&#8217;esecuzione e\/o stipula del contratto, eseguite mediante diversi mezzi di comunicazioni come ad esempio il telefono, email (posta elettronica), messagistica instantanea, posta cartacea.<\/p>\n<p lang=\"it-IT\" align=\"JUSTIFY\">Obbligatoria &#8211; Il mancato conferimento dei dati comporter\u00e0 l&#8217;impossibilit\u00e0, per il Titolare del Trattamento, di eseguire il contratto.<\/p>\n<p lang=\"it-IT\" align=\"JUSTIFY\">I dati personali, impiegati per l&#8217;esecuzione del contratto, saranno trattati per il tempo necessario alla gestione del rapporto esistente con il Titolare del Trattamento. Le informazioni raccolte per la valutazione della conclusione del contratto, in caso di mancato perfezionamento, saranno cancellati entro 6 mesi.<\/p>\n<p lang=\"it-IT\">Il trattamento \u00e8 eseguito, prevalentemente, con strumenti informatici.<\/p>\n<p lang=\"it-IT\">Il trattamento dei dati personali \u00e8 necessario all&#8217;adempimento di obblighi previsti da leggi, da regolamenti e\/o normative comunitarie, da organi di vigilanza\/controllo o da altre autorit\u00e0 a ci\u00f2 legittimate.<\/p>\n<p lang=\"it-IT\">Obbligo Legale &#8211; Art. 6, c.1, let. c. GDPR<\/p>\n<p lang=\"it-IT\">Conservazione di documenti contabili ed amministrativi in forma cartacea. Conservazione di documenti contabili ed amministrativi in forma digitale.<\/p>\n<p lang=\"it-IT\">Conservazione digitale delle fatture emesse\/ricevute (fatturazione elettronica).<\/p>\n<p lang=\"it-IT\" align=\"JUSTIFY\">Obbligatoria &#8211; Il mancato conferimento dei dati comporter\u00e0 l&#8217;impossibilit\u00e0, per il Titolare del Trattamento, di eseguire il contratto.<\/p>\n<p lang=\"it-IT\" align=\"JUSTIFY\">I dati personali saranno trattati per tale \ufb01nalit\u00e0 per il tempo necessario per l&#8217;adempimento degli obblighi legali previsti dalla normativa vigente. A questo riguardo, i dati personali saranno conservati per 10 anni a partire dallo scioglimento del contratto o, se successiva, da una decisione vincolante emanata da un&#8217;autorit\u00e0 a ci\u00f2 competente, fermi restando eventuali obblighi di conservazione relativi a particolari categorie di dati, per periodi superiori di tempo, prescritti dall&#8217;ordinamento giuridico.<\/p>\n<p lang=\"it-IT\">Il trattamento \u00e8 eseguito, prevalentemente, con strumenti informatici.<\/p>\n<p lang=\"it-IT\">Ricavare informazioni statistiche anonime sull&#8217;uso, controllare il corretto funzionamento del sito, accertamento di responsabilit\u00e0 in caso di ipotetici reati informatici ai danni del Titolare.<\/p>\n<p lang=\"it-IT\">Legittimo Interesse &#8211; Art. 6, c.1, let. f. GDPR<\/p>\n<p lang=\"it-IT\">Analisi dei dati per eseguire l&#8217;evoluzione e manutenzione del sito web.<\/p>\n<p lang=\"it-IT\">Accertamento di responsabilit\u00e0 in caso di potenziali reati informatici ai danni del sito e\/o degli Interessati al trattamento. Analisi statistiche, anonime, sull&#8217;impiego del sito.<\/p>\n<p lang=\"it-IT\">Obbligatoria &#8211; Il mancato conferimento dei dati comporter\u00e0 l\u2019impossibilit\u00e0 per l&#8217;azienda di erogare il servizio web fornito.<\/p>\n<p lang=\"it-IT\">I dati sono conservati per 30 giorni.<\/p>\n<p lang=\"it-IT\">Il trattamento \u00e8 eseguito con strumenti informatici.<\/p>\n<p lang=\"it-IT\">Richieste formulate dagli interessati mediante il sito internet del Titolare del Trattamento.<\/p>\n<p lang=\"it-IT\">Esecuzione Contratto &#8211; Art. 6, c.1, let. b. GDPR<\/p>\n<p lang=\"it-IT\">Invio di richieste tramite strumenti della piattaforma web.<\/p>\n<p lang=\"it-IT\">Facoltativa &#8211; Il mancato conferimento dei dati comporter\u00e0 l&#8217;impossibilit\u00e0, per il Titolare del Trattamento, di rispondere alle richieste<\/p>\n<p lang=\"it-IT\">dell&#8217;interessato.<\/p>\n<p lang=\"it-IT\">Evasione della richiesta.<\/p>\n<p lang=\"it-IT\">Il trattamento \u00e8 eseguito con strumenti informatici.<\/p>\n<p lang=\"it-IT\">Fruizione dei servizi o\ufb00erti mediante l&#8217;area riservata del sito del Titolare.<\/p>\n<p lang=\"it-IT\">Esecuzione Contratto &#8211; Art. 6, c.1, let. b. GDPR<\/p>\n<p lang=\"it-IT\">Registrazione all&#8217;interno dell&#8217;area riservata.<\/p>\n<p lang=\"it-IT\">Fruizione del servizio erogato mediante l&#8217;accesso all&#8217;area riservata del sito.<\/p>\n<p lang=\"it-IT\">Facoltativa &#8211; Il mancato conferimento dei dati comporter\u00e0 l&#8217;impossibilit\u00e0, per il Titolare del Trattamento, di fornire servizi mediante l&#8217;area<\/p>\n<p lang=\"it-IT\">riservata del sito.<\/p>\n<p lang=\"it-IT\">Cancellazione dell&#8217;utente.<\/p>\n<p lang=\"it-IT\">Il trattamento \u00e8 eseguito con strumenti informatici.<\/p>\n<p lang=\"it-IT\">Quando un utente utilizza la amministrata dal Titolare, Facebook (\u201c<i>Social<\/i><i> <\/i><i>Media<\/i>\u201d) raccoglie informazioni quali ad esempio i tipi di contenuti visualizzati o con cui<\/p>\n<p lang=\"it-IT\">interagisce, le azioni eseguite nonch\u00e9 le informazioni sui dispositivi usati (indirizzi IP, sistema operativo, tipo di browser, impostazioni della lingua, dati sui cookie).<\/p>\n<p lang=\"it-IT\" align=\"RIGHT\">Gli<\/p>\n<p lang=\"it-IT\">della<\/p>\n<p lang=\"it-IT\">sono statistiche aggregate create da determinati eventi registrati dai server di Facebook quando gli utenti interagiscono con le e i<\/p>\n<div dir=\"LTR\">\n<p lang=\"it-IT\">contenuti in esse presenti.<\/p>\n<\/div>\n<p lang=\"it-IT\" align=\"JUSTIFY\">Come illustrato nella <a href=\"https:\/\/www.facebook.com\/policy\"><i>Privacy Policy (https:\/\/www.facebook.com\/policy) <\/i><\/a>di Facebook, il <i>Social Media <\/i>raccoglie e usa informazioni anche per fornire servizi di raccolta di dati statistici de\ufb01niti <a href=\"https:\/\/www.facebook.com\/business\/pages\/manage#page_insights\"><i>Insights <\/i>della <i>Pagina <\/i>(https:\/\/www.facebook.com\/business\/pages\/manage#page_insights) <\/a>agli amministratori delle pagine per consentire loro di capire la modalit\u00e0 con cui le persone interagiscono con i contenuti in esse presenti.<\/p>\n<p lang=\"it-IT\">I dettagli sulle modalit\u00e0 di trattamento eseguito da Facebook sono disponibili al seguente link: <a href=\"https:\/\/www.facebook.com\/privacy\/explanation\">https:\/\/www.facebook.com\/privacy\/explanation (https:\/\/www.facebook.com\/privacy\/explanation)<\/a> I dettagli sui dati personali trattati per Insights sono disponibili al seguente link:<\/p>\n<p lang=\"it-IT\"><a href=\"https:\/\/www.facebook.com\/legal\/terms\/information_about_page_insights_data\">https:\/\/www.facebook.com\/legal\/terms\/information_about_page_insights_data (https:\/\/www.facebook.com\/legal\/terms\/information_about_page_insights_data)<\/a> I dettagli sui cookie utilizzati da Facebook, sono disponibili al seguente link:<\/p>\n<p lang=\"it-IT\"><a href=\"https:\/\/www.facebook.com\/policies\/cookies\/\">https:\/\/www.facebook.com\/policies\/cookies\/ (https:\/\/www.facebook.com\/policies\/cookies\/)<\/a><\/p>\n<p lang=\"it-IT\">Il Titolare del Trattamento come amministratore della Pagina e Facebook Ireland Limited (4 Grand Canal Square, Grand Canal Harbour, Dublin 2, Ireland) sono contitolari <a href=\"https:\/\/www.facebook.com\/business\/pages\/manage#page_insights\">in conformit\u00e0 con l&#8217;articolo 26 del GDPR per il trattamento di tali dati personali registrati per gli eventi erogati tramite<\/a><\/p>\n<p lang=\"it-IT\"><a href=\"https:\/\/www.facebook.com\/business\/pages\/manage#page_insights\">(https:\/\/www.facebook.com\/business\/pages\/manage#page_insights) (&#8220;Dati di Insights&#8221;).<\/a><\/p>\n<p lang=\"it-IT\"><a href=\"https:\/\/www.facebook.com\/legal\/terms\/page_controller_addendum\">(https:\/\/www.facebook.com\/legal\/terms\/page_controller_addendum)<\/a>, fra il Titolare e Facebook, copre la creazione di tali eventi e la loro aggregazione in Insights nella <i>Pagina<\/i><i> <\/i>fornita ad ogni amministratore.<\/p>\n<p lang=\"it-IT\" align=\"JUSTIFY\">La base giuridica del trattamento \u00e8 l\u2019interesse legittimo del Titolare, art. 6, paragrafo 1, lettera f), GDPR. Pertanto, non \u00e8 necessaria l\u2019acquisizione di un Suo preventivo consenso al trattamento.<\/p>\n<p lang=\"it-IT\">Legittimo Interesse &#8211; Art. 6, c.1, let. f. GDPR<\/p>\n<p lang=\"it-IT\">Rilevazioni statistiche relative all&#8217;utilizzo di elementi contenuti all&#8217;interno della pagina Facebook amministrata dal Titolare del trattamento.<\/p>\n<p lang=\"it-IT\">Obbligatorio &#8211; Il mancato conferimento dei dati richiesti comporter\u00e0 l\u2019impossibilit\u00e0 per il Titolare di fornire servizi tramite la Pagina<\/p>\n<p lang=\"it-IT\">pubblicata su Facebook.<\/p>\n<p lang=\"it-IT\">policy Facebook sopra descritte.<\/p>\n<p lang=\"it-IT\">I dati raccolti saranno trattati per il tempo strettamente per la realizzazione delle \ufb01nalit\u00e0 sopradescritte come speci\ufb01cato nelle<\/p>\n<div dir=\"LTR\">\n<p lang=\"it-IT\">Il trattamento \u00e8 eseguito con mezzi informatici dal Contitolare Facebook<\/p>\n<p lang=\"it-IT\">I dati personali sono trattati esclusivamente all&#8217;interno della Unione Europea.<\/p>\n<\/div>\n<h2 lang=\"it-IT\">&nbsp;<\/h2>\n<p lang=\"it-IT\">In relazione ai trattamenti descritti nella presente Informativa, in qualit\u00e0 di interessato Lei potr\u00e0, alle condizioni previste dal GDPR, esercitare i diritti sanciti dagli articoli da 15 a 22 del GDPR e, in particolare, i seguenti diritti:<\/p>\n<ul>\n<li>\n<p lang=\"it-IT\" align=\"LEFT\"><span style=\"font-size: medium;\"><span style=\"font-size: small;\">articolo<\/span> <span style=\"font-size: small;\">15<\/span> <span style=\"font-size: small;\">GDPR:<\/span> <span style=\"font-size: small;\">diritto<\/span> <span style=\"font-size: small;\">di<\/span> <span style=\"font-size: small;\">ottenere<\/span> <span style=\"font-size: small;\">conferma<\/span> <span style=\"font-size: small;\">che<\/span> <span style=\"font-size: small;\">sia<\/span> <span style=\"font-size: small;\">o<\/span> <span style=\"font-size: small;\">meno<\/span> <span style=\"font-size: small;\">in<\/span> <span style=\"font-size: small;\">corso<\/span> <span style=\"font-size: small;\">un<\/span> <span style=\"font-size: small;\">trattamento<\/span> <span style=\"font-size: small;\">di<\/span> <span style=\"font-size: small;\">dati<\/span> <span style=\"font-size: small;\">personali<\/span> <span style=\"font-size: small;\">che<\/span> <span style=\"font-size: small;\">La<\/span> <span style=\"font-size: small;\">riguardano<\/span> <span style=\"font-size: small;\">e,<\/span> <span style=\"font-size: small;\">in<\/span> <span style=\"font-size: small;\">tal<\/span> <span style=\"font-size: small;\">caso,<\/span> <span style=\"font-size: small;\">ottenere<\/span> <span style=\"font-size: small;\">l&#8217;accesso<\/span> <span style=\"font-size: small;\">ai<\/span> <span style=\"font-size: small;\">Suoi<\/span> <span style=\"font-size: small;\">dati<\/span> <span style=\"font-size: small;\">personali;<\/span><\/span><\/p>\n<\/li>\n<li>\n<p lang=\"it-IT\" align=\"LEFT\"><span style=\"font-size: medium;\"><span style=\"font-size: small;\">articolo<\/span> <span style=\"font-size: small;\">16<\/span> <span style=\"font-size: small;\">GDPR:<\/span> <span style=\"font-size: small;\">diritto<\/span> <span style=\"font-size: small;\">di<\/span> <span style=\"font-size: small;\">ottenere,<\/span> <span style=\"font-size: small;\">senza<\/span> <span style=\"font-size: small;\">ingiusti\ufb01cato<\/span> <span style=\"font-size: small;\">ritardo,<\/span> <span style=\"font-size: small;\">la<\/span> <span style=\"font-size: small;\">retti\ufb01ca<\/span> <span style=\"font-size: small;\">dei<\/span> <span style=\"font-size: small;\">dati<\/span> <span style=\"font-size: small;\">personali<\/span> <span style=\"font-size: small;\">inesatti<\/span> <span style=\"font-size: small;\">che<\/span> <span style=\"font-size: small;\">La<\/span> <span style=\"font-size: small;\">riguardano<\/span> <span style=\"font-size: small;\">e\/o<\/span> <span style=\"font-size: small;\">l\u2019integrazione<\/span> <span style=\"font-size: small;\">dei<\/span> <span style=\"font-size: small;\">dati<\/span> <span style=\"font-size: small;\">personali<\/span> <span style=\"font-size: small;\">incompleti;<\/span><\/span><\/p>\n<\/li>\n<\/ul>\n<p lang=\"it-IT\" align=\"JUSTIFY\">\u2013 articolo 17 GDPR: diritto di ottenere, senza ingiusti\ufb01cato ritardo, la cancellazione dei dati personali che La riguardano. Il diritto alla cancellazione non si applica nella misura in cui il trattamento sia necessario per l\u2019adempimento di un obbligo legale o per l\u2019esecuzione di un compito svolto nel pubblico interesse o per l\u2019accertamento, l\u2019esercizio o la difesa di un diritto in sede giudiziaria.<\/p>\n<p lang=\"it-IT\" align=\"JUSTIFY\">\u2013 articolo 18 GDPR: diritto di ottenere la limitazione del trattamento, quando: a) l\u2019interessato contesta l\u2019esattezza dei dati personali; b) il trattamento \u00e8 illecito e l\u2019interessato si oppone alla cancellazione dei dati personali e chiede invece che ne sia limitato l\u2019utilizzo ; c) i dati personali sono necessari all\u2019interessato per l\u2019accertamento, l\u2019esercizio o la difesa di un diritto in sede giudiziaria; d) l&#8217;interessato si \u00e8 opposto al trattamento in attesa della veri\ufb01ca in merito all&#8217;eventuale prevalenza dei motivi legittimi del titolare del trattamento rispetto a quelli dell&#8217;interessato.<\/p>\n<p lang=\"it-IT\" align=\"JUSTIFY\">\u2013 articolo 20 GDPR: diritto di ricevere, in un formato strutturato, di uso comune e leggibile da un dispositivo automatico, i dati personali che La riguardano forniti al Titolare e il diritto di trasmetterli a un altro titolare senza impedimenti, qualora il trattamento si basi sul consenso e sia e\ufb00ettuato con mezzi automatizzati. Inoltre, il diritto di ottenere che i Suoi dati personali siano trasmessi direttamente da questo titolare ad altro titolare qualora ci\u00f2 sia tecnicamente fattibile;<\/p>\n<p lang=\"it-IT\" align=\"JUSTIFY\">\u2013 articolo 21 GDPR: diritto di opporsi, in qualsiasi momento, al trattamento dei dati personali che La riguardano basati sulla condizione di legittimit\u00e0 del legittimo interesse, compresa la pro\ufb01lazione, salvo che sussistano motivi legittimi per il Titolare di continuare il trattamento che prevalgono sugli interessi, sui diritti e sulle libert\u00e0 dell\u2019interessato oppure per l\u2019accertamento, l\u2019esercizio o la difesa di un diritto in sede giudiziaria.<\/p>\n<p lang=\"it-IT\" align=\"JUSTIFY\">\u2013 articolo 22 GDPR: l&#8217;interessato ha il diritto di non essere sottoposto a una decisione basata unicamente sul trattamento automatizzato, compresa la pro\ufb01lazione, che produca e\ufb00etti giuridici che lo riguardano o che incida in modo analogo signi\ufb01cativamente sulla sua persona, salvo che ci\u00f2 sia necessario per la conclusione o esecuzione di un contratto o Lei abbia rilasciato il Suo consenso. In ogni caso, un processo decisionale automatizzato non potr\u00e0 riguardare i Suoi dati personali e Lei potr\u00e0 in ogni momento ottenere l&#8217;intervento umano da parte del titolare del trattamento, esprimere la propria opinione e contestare la decisione.<\/p>\n<p lang=\"it-IT\" align=\"JUSTIFY\">all\u2019Autorit\u00e0 Garante per la protezione dei dati personali: <a href=\"http:\/\/www.garanteprivacy.it\/\">http:\/\/www.garanteprivacy.it (http:\/\/www.garanteprivacy.it)<\/a>;<\/p>\n<p lang=\"it-IT\" align=\"JUSTIFY\">prestato in ogni occasione e con la stessa facilit\u00e0 con cui \u00e8 stato fornito senza pregiudicare la liceit\u00e0 del trattamento basata sul consenso prestato prima della revoca.<\/p>\n<p lang=\"it-IT\" align=\"JUSTIFY\">I diritti di cui sopra potranno essere esercitati, nei confronti del Titolare, contattando i riferimenti sopra indicati.<\/p>\n<p lang=\"it-IT\" align=\"JUSTIFY\">L\u2019esercizio dei Suoi diritti in qualit\u00e0 di interessato \u00e8 gratuito ai sensi dell\u2019articolo 12 GDPR. Tuttavia, nel caso di richieste manifestamente infondate o eccessive, anche per la loro ripetitivit\u00e0, il Titolare potrebbe addebitarle un contributo spese ragionevole, alla luce dei costi amministrativi sostenuti per gestire la Sua richiesta, o negare la soddisfazione della sua richiesta.<\/p>\n<p lang=\"it-IT\" align=\"JUSTIFY\">La informiamo, in\ufb01ne, che il Titolare potr\u00e0 richiedere ulteriori informazioni necessarie a confermare l\u2019identit\u00e0 dell\u2019interessato.<\/p>\n<\/div>\n<div>\n<div>&nbsp;<\/div>\n<\/div>\t\t\t\t\t\t<\/div>\n\t\t\t\t<\/div>\n\t\t\t\t\t<\/div>\n\t\t<\/div>\n\t\t\t\t\t<\/div>\n\t\t<\/section>\n\t\t\t\t<\/div>","protected":false},"excerpt":{"rendered":"<p>Informativa ai sensi dell&#8217;Art. 13 del Regolamento (UE) 2016\/679 &#8211; WEB versione n.0 del 07-01-2022 Con il presente documento (\u201cInformativa\u201d) il Titolare del trattamento, come di seguito de\ufb01nito, desidera informarla sulle \ufb01nalit\u00e0 e le modalit\u00e0 del trattamento dei Suoi dati personali e sui diritti che Le sono riconosciuti dal Regolamento [&hellip;]<\/p>","protected":false},"author":1,"featured_media":0,"parent":0,"menu_order":0,"comment_status":"closed","ping_status":"closed","template":"","meta":{"footnotes":""},"yst_prominent_words":[],"class_list":["post-5202","page","type-page","status-publish","hentry"],"_links":{"self":[{"href":"https:\/\/falatech.it\/en\/wp-json\/wp\/v2\/pages\/5202","targetHints":{"allow":["GET"]}}],"collection":[{"href":"https:\/\/falatech.it\/en\/wp-json\/wp\/v2\/pages"}],"about":[{"href":"https:\/\/falatech.it\/en\/wp-json\/wp\/v2\/types\/page"}],"author":[{"embeddable":true,"href":"https:\/\/falatech.it\/en\/wp-json\/wp\/v2\/users\/1"}],"replies":[{"embeddable":true,"href":"https:\/\/falatech.it\/en\/wp-json\/wp\/v2\/comments?post=5202"}],"version-history":[{"count":13,"href":"https:\/\/falatech.it\/en\/wp-json\/wp\/v2\/pages\/5202\/revisions"}],"predecessor-version":[{"id":8723,"href":"https:\/\/falatech.it\/en\/wp-json\/wp\/v2\/pages\/5202\/revisions\/8723"}],"wp:attachment":[{"href":"https:\/\/falatech.it\/en\/wp-json\/wp\/v2\/media?parent=5202"}],"wp:term":[{"taxonomy":"yst_prominent_words","embeddable":true,"href":"https:\/\/falatech.it\/en\/wp-json\/wp\/v2\/yst_prominent_words?post=5202"}],"curies":[{"name":"wp","href":"https:\/\/api.w.org\/{rel}","templated":true}]}}